{"id":647,"date":"2023-12-06T07:30:17","date_gmt":"2023-12-06T07:30:17","guid":{"rendered":"https:\/\/balanspunkten.nu\/?page_id=647"},"modified":"2024-03-12T12:42:16","modified_gmt":"2024-03-12T12:42:16","slug":"laengere-gefuehrte-kajaktouren","status":"publish","type":"page","link":"https:\/\/balanspunkten.nu\/de\/laengere-gefuehrte-kajaktouren\/","title":{"rendered":"L\u00e4ngere gef\u00fchrte Kajaktouren"},"content":{"rendered":"<h3><strong>L\u00e4ngere gef\u00fchrte Touren<\/strong><\/h3>\n<p>Wir beim Kajakcenter Balanspunkt lieben es, mit dem Kajak auf Abenteuer im Sch\u00e4rengarten von Bohusl\u00e4n zu sein, gerne f\u00fcr mehrere Tage mit \u00dcbernachtung im Zelt. Daf\u00fcr bieten wir ma\u03b2geschneiderte Kajakpakete an, die von einem paddelerfahranen Guide, der \u00fcber gute Kenntnisse der lokalen Gegebenheiten verf\u00fcgt, gef\u00fchrt werden. Der Guide hilft bei der Wahl der Paddelroute, zeigt euch die sch\u00f6nsten Lagerplatzes, bereitet schmackhaftes Essen auf dem Gaskocher zu und gibt nat\u00fcrlich Tips zur Paddeltechnik bei unterschiedlichen Windverh\u00e4ltnssen.<br \/>\nW\u00e4hrend einer mehrt\u00e4gigen Tour wirst du dich sowohl zu einem besseren als auch gl\u00fccklicheren Paddler entwickeln. Wir sind flexibel und passen uns an die Gegebenheiten der Natur an, was die Grundlage f\u00fcr ein gutes Leben ist.<\/p>\n<p>Wir fordern dich und verbessern deine Paddelechnik wobei wir die Kr\u00e4fte der Natur zur Hilfe nehmen, und wir geniessen beides, die Bewegung und die Stille. Die Tage sind gef\u00fcllt von Aktivit\u00e4t, du triffs viele einfachen und manchmal auch wichtigen Entscheidungen, in den N\u00e4chten sch\u00e4fst du gut Schlaf nach der physischer Aktivit\u00e4t.<\/p>\n<p>Wir paddeln von Grundsund <strong>nach Str\u00f6mstad oder G\u00f6teborg<\/strong>, <strong>Umrunden die Insel Orust<\/strong> oder<strong> unsere eigene Insel, Skaft\u00f6<\/strong>. Bohusl\u00e4n im Kajak ist das Beste, das wr kennen! Ein Tag, 3 Tage oder 6 Tage. Oder vielleicht noch l\u00e4nger? Wer wei\u03b2! Wir lieben es, w\u00e4hrend der Touren zu zelten, f\u00fcr uns das T\u00fcpfelchen auf dem i.<\/p>\n<p>Bei den l\u00e4ngeren Touren ist es wichtig, da\u03b2 du gute Ausr\u00fcstung hast, auf die du dich verlassen kannst. Werfe einen Blick auf unsere Packlisten und z\u00f6gere nicht uns zu kontaktieren falls du unsicher bist, was du mitnehmen sollst. Gute und zweckm\u00e4ssige pers\u00f6nliche Ausr\u00fcstung ist das A und O f\u00fcr das Outdoor-Leben. Verkommpliziere es nicht, w\u00e4hl Naturmaterial. Denk dar\u00fcber nach, was f\u00fcr ein Typ du bist (K\u00e4lteempfindlich? Intensives schwitzen?) und welche Materialien W\u00e4re und Feuchtigkeit gut regulieren. Du wei\u03b2t nicht alles, noch nicht. Nimm nur das mit, von dem du annimmst, da\u03b2 du es unterwegs gut gebrauchen kannst und das Kajakabenteuer kann beginnen.<\/p>\n","protected":false},"excerpt":{"rendered":"<p>Mehrere Tage im Kajak auf dem Meer<\/p>\n","protected":false},"author":2,"featured_media":343,"parent":0,"menu_order":0,"comment_status":"closed","ping_status":"closed","template":"","meta":{"_acf_changed":false,"inline_featured_image":false,"footnotes":""},"class_list":["post-647","page","type-page","status-publish","has-post-thumbnail","hentry"],"acf":[],"_links":{"self":[{"href":"https:\/\/balanspunkten.nu\/de\/wp-json\/wp\/v2\/pages\/647","targetHints":{"allow":["GET"]}}],"collection":[{"href":"https:\/\/balanspunkten.nu\/de\/wp-json\/wp\/v2\/pages"}],"about":[{"href":"https:\/\/balanspunkten.nu\/de\/wp-json\/wp\/v2\/types\/page"}],"author":[{"embeddable":true,"href":"https:\/\/balanspunkten.nu\/de\/wp-json\/wp\/v2\/users\/2"}],"replies":[{"embeddable":true,"href":"https:\/\/balanspunkten.nu\/de\/wp-json\/wp\/v2\/comments?post=647"}],"version-history":[{"count":4,"href":"https:\/\/balanspunkten.nu\/de\/wp-json\/wp\/v2\/pages\/647\/revisions"}],"predecessor-version":[{"id":822,"href":"https:\/\/balanspunkten.nu\/de\/wp-json\/wp\/v2\/pages\/647\/revisions\/822"}],"wp:featuredmedia":[{"embeddable":true,"href":"https:\/\/balanspunkten.nu\/de\/wp-json\/wp\/v2\/media\/343"}],"wp:attachment":[{"href":"https:\/\/balanspunkten.nu\/de\/wp-json\/wp\/v2\/media?parent=647"}],"curies":[{"name":"wp","href":"https:\/\/api.w.org\/{rel}","templated":true}]}}